{"id":5210,"date":"2014-06-16T15:00:15","date_gmt":"2014-06-16T13:00:15","guid":{"rendered":"http:\/\/filosofiska.websign.se\/?page_id=5210"},"modified":"2023-10-25T18:29:16","modified_gmt":"2023-10-25T17:29:16","slug":"pedagoger-enskede","status":"publish","type":"page","link":"http:\/\/www.filosofiska.nu\/filosofiska\/pedagoger-enskede\/","title":{"rendered":"Pedagoger &#8211; Enskede"},"content":{"rendered":"<p>DENNA SIDA H\u00c5LLER P\u00c5 ATT REDIGERAS.<\/p>\n<h1 class=\"ordinariesida\" style=\"color: #464646; text-align: left;\">Pedagoger &#8211; Enskededalen<\/h1>\n<h4 class=\"left\" style=\"color: #464646;\">V\u00e5ra f\u00f6rskoll\u00e4rare och f\u00f6rskolechef p\u00e5 Filosofiska \u00e4r engagerade och reflekterande. Vi str\u00e4var efter att skapa en milj\u00f6 pr\u00e4glad av stimulans, harmoni och avsaknad av kr\u00e4nkningar. Med ett vaksamt \u00f6ga, inkluderande sin egen roll, granskas milj\u00f6n med h\u00e4nsyn tagen till de v\u00e4rden vi f\u00f6rsvarar i verksamheten. Till exempel str\u00e4var vi efter att skapa ett j\u00e4mlikt klimat och att ge alla barn m\u00f6jlighet att nyfiket utforska sin omgivning och hela sitt jag &#8211; eller som det st\u00e5r i l\u00e4roplanen: \u201dfinna sin egen unika egenart\u201d.<\/h4>\n<h4 class=\"left\" style=\"color: #464646;\">P\u00e5 f\u00f6rskolan Filosofiska i Enskede arbetar ett arbetslag med f\u00f6rskolechef, f\u00f6rskoll\u00e4rare, utbildade barnsk\u00f6tare och en filosofipedagog.<\/h4>\n","protected":false},"excerpt":{"rendered":"<p>DENNA SIDA H\u00c5LLER P\u00c5 ATT REDIGERAS. Pedagoger &#8211; Enskededalen V\u00e5ra f\u00f6rskoll\u00e4rare och f\u00f6rskolechef p\u00e5 Filosofiska \u00e4r engagerade och reflekterande. Vi str\u00e4var efter att skapa en milj\u00f6 pr\u00e4glad av stimulans, harmoni och avsaknad av kr\u00e4nkningar. Med ett vaksamt \u00f6ga, inkluderande sin egen roll, granskas milj\u00f6n med h\u00e4nsyn tagen till de v\u00e4rden vi f\u00f6rsvarar i verksamheten. Till [&hellip;]<\/p>\n","protected":false},"author":1,"featured_media":0,"parent":0,"menu_order":0,"comment_status":"open","ping_status":"open","template":"full-width.php","meta":{"footnotes":""},"class_list":["post-5210","page","type-page","status-publish","hentry"],"_links":{"self":[{"href":"http:\/\/www.filosofiska.nu\/filosofiska\/wp-json\/wp\/v2\/pages\/5210","targetHints":{"allow":["GET"]}}],"collection":[{"href":"http:\/\/www.filosofiska.nu\/filosofiska\/wp-json\/wp\/v2\/pages"}],"about":[{"href":"http:\/\/www.filosofiska.nu\/filosofiska\/wp-json\/wp\/v2\/types\/page"}],"author":[{"embeddable":true,"href":"http:\/\/www.filosofiska.nu\/filosofiska\/wp-json\/wp\/v2\/users\/1"}],"replies":[{"embeddable":true,"href":"http:\/\/www.filosofiska.nu\/filosofiska\/wp-json\/wp\/v2\/comments?post=5210"}],"version-history":[{"count":11,"href":"http:\/\/www.filosofiska.nu\/filosofiska\/wp-json\/wp\/v2\/pages\/5210\/revisions"}],"predecessor-version":[{"id":9051,"href":"http:\/\/www.filosofiska.nu\/filosofiska\/wp-json\/wp\/v2\/pages\/5210\/revisions\/9051"}],"wp:attachment":[{"href":"http:\/\/www.filosofiska.nu\/filosofiska\/wp-json\/wp\/v2\/media?parent=5210"}],"curies":[{"name":"wp","href":"https:\/\/api.w.org\/{rel}","templated":true}]}}