{"id":5216,"date":"2014-06-16T15:03:15","date_gmt":"2014-06-16T13:03:15","guid":{"rendered":"http:\/\/filosofiska.websign.se\/?page_id=5216"},"modified":"2024-01-04T18:26:16","modified_gmt":"2024-01-04T17:26:16","slug":"skarpnack","status":"publish","type":"page","link":"http:\/\/www.filosofiska.nu\/filosofiska\/skarpnack\/","title":{"rendered":"F\u00f6rskola Skarpn\u00e4ck"},"content":{"rendered":"<h1><\/h1>\n<h1 style=\"text-align: left;\">Kort om oss<\/h1>\n<p class=\"left\" style=\"text-align: left;\">I augusti 2013 \u00f6ppnade f\u00f6rskolan i Skarpn\u00e4ck. P\u00e5 f\u00f6rskolan finns max 40 barn och ca 10 pedagoger.<\/p>\n<h1 class=\"ordinariesida\" style=\"color: #464646; text-align: left;\">Pedagoger &#8211;\u00a0Skarpn\u00e4ck<\/h1>\n<p class=\"left\" style=\"text-align: left;\">V\u00e5ra pedagoger p\u00e5 Filosofiska \u00e4r engagerade och reflekterande. Vi str\u00e4var efter att skapa en milj\u00f6 pr\u00e4glad av stimulans, harmoni och avsaknad av kr\u00e4nkningar. Med ett vaksamt \u00f6ga, inkluderande sin egen roll, granskas milj\u00f6n med h\u00e4nsyn tagen till de v\u00e4rden vi f\u00f6rsvarar i verksamheten. Till exempel str\u00e4var vi efter att skapa ett j\u00e4mlikt klimat och att ge alla barn m\u00f6jlighet att nyfiket utforska sin omgivning.<\/p>\n<p class=\"left\" style=\"text-align: left;\">P\u00e5 f\u00f6rskolan Filosofiska i Skarpn\u00e4ck arbetar ett arbetslag med bland annat rektor, f\u00f6rskoll\u00e4rare och utbildade barnsk\u00f6tare.<\/p>\n<h1 class=\"ordinariesida\" style=\"color: #464646; text-align: left;\">Ans\u00f6kan &#8211; Skarpn\u00e4ck<\/h1>\n<p>Vi \u00e4r anslutna till Stockholms stads kommunala\u00a0<a title=\"F\u00f6rskolek\u00f6\" href=\"http:\/\/www.stockholm.se\/-\/Serviceenhetsdetaljer\/?enhet=cf6e06529c11487dbb25967b40e4ac6e\" target=\"_blank\" rel=\"noopener\">f\u00f6rskolek\u00f6<\/a>. F\u00f6r att s\u00f6ka till oss anv\u00e4nder ni e-tj\u00e4nsten f\u00f6r f\u00f6rskoleans\u00f6kan p\u00e5 Stockholm stads hemsida. Handl\u00e4ggare p\u00e5 kommunen som kan svara p\u00e5 fr\u00e5gor om placeringar \u00e4r f\u00f6r Skarpn\u00e4ck:\u00a0\u00a0<a href=\"http:\/\/oliva.2ahlstrand@edu.stockholm.se\" target=\"_blank\" rel=\"noopener\">olivia.2ahlstrand@edu.<wbr \/>stockholm.se<\/a>.<\/p>\n<p>Vi tar emot intresserade f\u00f6r\u00e4ldrar och barn p\u00e5 bes\u00f6k l\u00f6pande. F\u00f6r att bes\u00f6ka oss, kontakta v\u00e5r rektor p\u00e5 f\u00f6rskolan, Hannah Andersson: <a href=\"mailto:hannah.andersson@filosofiska.nu\" target=\"_blank\" rel=\"noopener\">hannah.andersson@filosofiska.nu<\/a>.<br \/>\nTel: <span dir=\"ltr\"><span dir=\"ltr\">073 520 72 09<\/span><\/span><\/p>\n","protected":false},"excerpt":{"rendered":"<p>Kort om oss I augusti 2013 \u00f6ppnade f\u00f6rskolan i Skarpn\u00e4ck. P\u00e5 f\u00f6rskolan finns max 40 barn och ca 10 pedagoger. Pedagoger &#8211;\u00a0Skarpn\u00e4ck V\u00e5ra pedagoger p\u00e5 Filosofiska \u00e4r engagerade och reflekterande. Vi str\u00e4var efter att skapa en milj\u00f6 pr\u00e4glad av stimulans, harmoni och avsaknad av kr\u00e4nkningar. Med ett vaksamt \u00f6ga, inkluderande sin egen roll, granskas milj\u00f6n [&hellip;]<\/p>\n","protected":false},"author":1,"featured_media":0,"parent":0,"menu_order":0,"comment_status":"open","ping_status":"closed","template":"","meta":{"footnotes":""},"class_list":["post-5216","page","type-page","status-publish","hentry"],"_links":{"self":[{"href":"http:\/\/www.filosofiska.nu\/filosofiska\/wp-json\/wp\/v2\/pages\/5216","targetHints":{"allow":["GET"]}}],"collection":[{"href":"http:\/\/www.filosofiska.nu\/filosofiska\/wp-json\/wp\/v2\/pages"}],"about":[{"href":"http:\/\/www.filosofiska.nu\/filosofiska\/wp-json\/wp\/v2\/types\/page"}],"author":[{"embeddable":true,"href":"http:\/\/www.filosofiska.nu\/filosofiska\/wp-json\/wp\/v2\/users\/1"}],"replies":[{"embeddable":true,"href":"http:\/\/www.filosofiska.nu\/filosofiska\/wp-json\/wp\/v2\/comments?post=5216"}],"version-history":[{"count":14,"href":"http:\/\/www.filosofiska.nu\/filosofiska\/wp-json\/wp\/v2\/pages\/5216\/revisions"}],"predecessor-version":[{"id":9181,"href":"http:\/\/www.filosofiska.nu\/filosofiska\/wp-json\/wp\/v2\/pages\/5216\/revisions\/9181"}],"wp:attachment":[{"href":"http:\/\/www.filosofiska.nu\/filosofiska\/wp-json\/wp\/v2\/media?parent=5216"}],"curies":[{"name":"wp","href":"https:\/\/api.w.org\/{rel}","templated":true}]}}