{"id":5658,"date":"2014-06-17T15:48:33","date_gmt":"2014-06-17T13:48:33","guid":{"rendered":"http:\/\/filosofiska.websign.se\/?page_id=5658"},"modified":"2025-06-11T15:47:02","modified_gmt":"2025-06-11T14:47:02","slug":"skola","status":"publish","type":"page","link":"http:\/\/www.filosofiska.nu\/filosofiska\/skola\/","title":{"rendered":"Skola (F-9)"},"content":{"rendered":"\n<p><strong>Sommartal av rektor Lisa Ekl\u00f6v, 11 juni 2025<\/strong><\/p>\n\n\n\n<figure class=\"wp-block-image size-large\"><a href=\"https:\/\/www.filosofiska.nu\/filosofiska\/wp-content\/uploads\/2025\/06\/Tarta-1-scaled.jpg\"><img loading=\"lazy\" decoding=\"async\" width=\"1024\" height=\"1009\" src=\"https:\/\/www.filosofiska.nu\/filosofiska\/wp-content\/uploads\/2025\/06\/Tarta-1-1024x1009.jpg\" alt=\"\" class=\"wp-image-9337\" srcset=\"http:\/\/www.filosofiska.nu\/filosofiska\/wp-content\/uploads\/2025\/06\/Tarta-1-1024x1009.jpg 1024w, http:\/\/www.filosofiska.nu\/filosofiska\/wp-content\/uploads\/2025\/06\/Tarta-1-300x296.jpg 300w, http:\/\/www.filosofiska.nu\/filosofiska\/wp-content\/uploads\/2025\/06\/Tarta-1-768x756.jpg 768w, http:\/\/www.filosofiska.nu\/filosofiska\/wp-content\/uploads\/2025\/06\/Tarta-1-1536x1513.jpg 1536w, http:\/\/www.filosofiska.nu\/filosofiska\/wp-content\/uploads\/2025\/06\/Tarta-1-2048x2017.jpg 2048w, http:\/\/www.filosofiska.nu\/filosofiska\/wp-content\/uploads\/2025\/06\/Tarta-1-624x615.jpg 624w\" sizes=\"auto, (max-width: 1024px) 100vw, 1024px\" \/><\/a><\/figure>\n\n\n\n<p>Kan reflektion g\u00f6ra mer skada \u00e4n nytta?\u00a0Kan man alltid t\u00e4nka efter f\u00f6re?\u00a0<\/p>\n\n\n\n<p>\u00c4r det b\u00e4ttre att s\u00e4ga en sn\u00e4ll l\u00f6gn \u00e4n en taskig sanning?\u00a0Hur g\u00f6r du f\u00f6r att f\u00f6rst\u00e5 andra, att s\u00e5 att s\u00e4ga \u201dg\u00e5 i n\u00e5gon annans skor\u201d?\u00a0<\/p>\n\n\n\n<p>Hur skiljer sig barns och vuxnas perspektiv \u00e5t?\u00a0Varf\u00f6r \u00e4r det viktigt att vara omd\u00f6mesgill?\u00a0<\/p>\n\n\n\n<p>Vad kr\u00e4vs f\u00f6r mer handlingskraft?\u00a0Kan man vara <em>f\u00f6r <\/em>handlingskraftig?\u00a0<\/p>\n\n\n\n<p>\u00c4r all kunskap bra kunskap?\u00a0Vad ska man g\u00f6ra om man har drabbats av <em>brainrot<\/em>?\u00a0<\/p>\n\n\n\n<p>Dessa fr\u00e5gor, som ni nog h\u00f6rde \u00e4r kopplade till Filosofiskas fem visionsord, har varit med oss under l\u00e4s\u00e5ret vid storsamlingar och andra tillf\u00e4llen.&nbsp;&nbsp;En enkel och effektiv medicin mot <em>brainrot<\/em> kan vara just att aktivt st\u00e4lla fr\u00e5gor.&nbsp;Inom filosofi \u00e4r fr\u00e5gan ofta viktigare \u00e4n svaret.&nbsp;&nbsp;<\/p>\n\n\n\n<p><em>Vad, hur<\/em> och <em>varf\u00f6r<\/em> ing\u00e5r ofta i fr\u00e5gest\u00e4llande, d\u00e4r ordet <em>varf\u00f6r <\/em>\u00e4r lite extra intressant.&nbsp;Det kan uttryckas som f\u00f6rundran, som nyfikenhet, som vetgirighet\u2026 man vill f\u00f6rst\u00e5 orsak eller anledning eller f\u00e5 f\u00f6rklaring till n\u00e5got.&nbsp;<em>Varf\u00f6r<\/em> kan ocks\u00e5 s\u00e4gas i en anklagande ton. Varf\u00f6r har du inte b\u00e4ddat s\u00e4ngen? Varf\u00f6r har du inte gjort l\u00e4xan?&nbsp;<em>Varf\u00f6r <\/em>kan anv\u00e4ndas med ganska olika avsikt och de riktigt kunskapst\u00f6rstande dragen i ordet kan ibland f\u00f6rsvinna och i st\u00e4llet tar en negativt ifr\u00e5gas\u00e4ttande ton \u00f6ver.&nbsp;<\/p>\n\n\n\n<p>En fr\u00e5ga som kan rymma b\u00e5de anklagande frustration och positiv nyfikenhet \u00e4r: <em>Varf\u00f6r sl\u00e4nger vi mat?<\/em>&nbsp;Tv\u00e5 elever i \u00e5k3, Milla och Lao, ville ta reda p\u00e5 detta och gjorde i vintras en liten forskningsstudie kring Filosofiskas matsvinn.&nbsp;24 skoldagar i december och januari v\u00e4gdes allt som sl\u00e4ngdes efter skollunchen, noggrant sorterat i tre kategorier: <em>inte min smak, m\u00e4tt<\/em> resp. <em>hinner inte.<\/em>&nbsp;Utslaget p\u00e5 alla skolans elever blev det 15 g per elev\/per dag, vilket m\u00e5ste ses som ganska bra. Men som eleverna kom fram till: t\u00e4nk vad mycket det \u00e4nd\u00e5 blir med alla elever, alla dagar under hela grundskoletiden! Milla, Lao och vi andra jobbar vidare med detta.&nbsp;&nbsp;<\/p>\n\n\n\n<p>Hur mycket svinn blir det efter t\u00e5rtkalaset idag?&nbsp;<\/p>\n\n\n\n<p>M\u00e5nga varf\u00f6r-fr\u00e5gor \u00e4r kr\u00e5ngliga d\u00e5 det \u00e4r sv\u00e5rt att finna enkla svar, eller svaren blir alltf\u00f6r komplexa\u2026.&nbsp;<em>Varf\u00f6r \u00e4r m\u00e4nniskor inte alltid sn\u00e4lla mot varandra?<\/em>&nbsp;&nbsp;<em>Varf\u00f6r \u00e4r det s\u00e5 jobbigt att plugga f\u00f6r vissa och l\u00e4tt f\u00f6r andra?&nbsp;Varf\u00f6r finns skola?&nbsp;<\/em>&nbsp;<\/p>\n\n\n\n<p>Det borde v\u00e4l en rektor \u00e4nd\u00e5 kunna svara p\u00e5? <em>Varf\u00f6r finns skola?<\/em>&nbsp;Ja, men ska jag svara genom en historisk 2000-\u00e5rig tillbakablick om <em>skolv\u00e4sendets uppkomst<\/em> och utveckling?&nbsp;Eller vill du f\u00f6rst\u00e5 sj\u00e4lva skolans syfte och <em>demokratiska funktion<\/em> i samh\u00e4llet?&nbsp;Eller vill du h\u00f6ra varf\u00f6r du som <em>individ<\/em> ha nytta av skola?&nbsp;Det finns m\u00e4ngder med argument f\u00f6r varf\u00f6r skola b\u00f6r finnas. Motargument s\u00e4kert ocks\u00e5 f\u00f6r den delen.&nbsp;<\/p>\n\n\n\n<p>Men vi som \u00e4r mitt i det, med elever minst 178 dagar per \u00e5r, beh\u00f6ver inte r\u00e4kna upp alla argument f\u00f6r att veta\u2026&nbsp;\u2013 Vi bara k\u00e4nner vad vitsen med skola \u00e4r!&nbsp;Det \u00e4r roligt och meningsfullt! Och vi l\u00e4r oss grejer p\u00e5 kuppen!&nbsp;<\/p>\n\n\n\n<p>De flesta b\u00e5de elever och personal ser nog fram emot skollov nu&#8230; och vi vet att vi ses igen i augusti. (F\u00f6rutom niorna som p\u00e5b\u00f6rjar ett nytt skede.)&nbsp;Sk\u00f6nt att slippa skolan ett tag&#8230; Men om det inte fanns n\u00e5gon skola att komma tillbaka till?&nbsp;<\/p>\n\n\n\n<p>Enligt de senaste uppskattningarna fr\u00e5n UNESCO g\u00e5r cirka 244 miljoner barn och unga i v\u00e4rlden inte i skolan.&nbsp;De flesta av dessa vill nog inget hellre \u00e4n att g\u00e5 i skola. Att sk\u00e4nka dessa barn en tanke skadar inte, och samtidigt fundera \u00f6ver sin egen situation, d\u00e4r skola ofta tas f\u00f6r givet.&nbsp;Vi har mycket att vara tacksamma \u00f6ver!&nbsp;<\/p>\n\n\n\n<p>Tack f\u00f6r ett meningsfullt l\u00e4s\u00e5r!&nbsp;<\/p>\n\n\n\n<p><\/p>\n\n\n\n<p><\/p>\n\n\n\n<p><\/p>\n\n\n\n<p><\/p>\n\n\n\n<p><strong>L\u00e4nkar till inspelade presentationer som Filosofiska h\u00f6ll 2019 om hur vi arbetar med kulturupplevelser i undervisningen:<\/strong><\/p>\n\n\n\n<p><strong>Kultur \u00e5kF-3<\/strong><\/p>\n\n\n\n<figure class=\"wp-block-embed is-type-video is-provider-youtube wp-block-embed-youtube wp-embed-aspect-16-9 wp-has-aspect-ratio\"><div class=\"wp-block-embed__wrapper\">\n<iframe loading=\"lazy\" title=\"Filosofiska 27:8\" width=\"625\" height=\"352\" src=\"https:\/\/www.youtube.com\/embed\/CCUMkSkUd68?feature=oembed\" frameborder=\"0\" allow=\"accelerometer; autoplay; clipboard-write; encrypted-media; gyroscope; picture-in-picture; web-share\" referrerpolicy=\"strict-origin-when-cross-origin\" allowfullscreen><\/iframe>\n<\/div><\/figure>\n\n\n\n<p><strong>Kultur \u00e5k4-6<\/strong><\/p>\n\n\n\n<figure class=\"wp-block-embed is-type-video is-provider-youtube wp-block-embed-youtube wp-embed-aspect-16-9 wp-has-aspect-ratio\"><div class=\"wp-block-embed__wrapper\">\n<iframe loading=\"lazy\" title=\"Filosofiska 28:8\" width=\"625\" height=\"352\" src=\"https:\/\/www.youtube.com\/embed\/i5J5247v_S4?feature=oembed\" frameborder=\"0\" allow=\"accelerometer; autoplay; clipboard-write; encrypted-media; gyroscope; picture-in-picture; web-share\" referrerpolicy=\"strict-origin-when-cross-origin\" allowfullscreen><\/iframe>\n<\/div><\/figure>\n","protected":false},"excerpt":{"rendered":"<p>Sommartal av rektor Lisa Ekl\u00f6v, 11 juni 2025 Kan reflektion g\u00f6ra mer skada \u00e4n nytta?\u00a0Kan man alltid t\u00e4nka efter f\u00f6re?\u00a0 \u00c4r det b\u00e4ttre att s\u00e4ga en sn\u00e4ll l\u00f6gn \u00e4n en taskig sanning?\u00a0Hur g\u00f6r du f\u00f6r att f\u00f6rst\u00e5 andra, att s\u00e5 att s\u00e4ga \u201dg\u00e5 i n\u00e5gon annans skor\u201d?\u00a0 Hur skiljer sig barns och vuxnas perspektiv \u00e5t?\u00a0Varf\u00f6r [&hellip;]<\/p>\n","protected":false},"author":1,"featured_media":0,"parent":0,"menu_order":0,"comment_status":"closed","ping_status":"open","template":"","meta":{"footnotes":""},"class_list":["post-5658","page","type-page","status-publish","hentry"],"_links":{"self":[{"href":"http:\/\/www.filosofiska.nu\/filosofiska\/wp-json\/wp\/v2\/pages\/5658","targetHints":{"allow":["GET"]}}],"collection":[{"href":"http:\/\/www.filosofiska.nu\/filosofiska\/wp-json\/wp\/v2\/pages"}],"about":[{"href":"http:\/\/www.filosofiska.nu\/filosofiska\/wp-json\/wp\/v2\/types\/page"}],"author":[{"embeddable":true,"href":"http:\/\/www.filosofiska.nu\/filosofiska\/wp-json\/wp\/v2\/users\/1"}],"replies":[{"embeddable":true,"href":"http:\/\/www.filosofiska.nu\/filosofiska\/wp-json\/wp\/v2\/comments?post=5658"}],"version-history":[{"count":57,"href":"http:\/\/www.filosofiska.nu\/filosofiska\/wp-json\/wp\/v2\/pages\/5658\/revisions"}],"predecessor-version":[{"id":9338,"href":"http:\/\/www.filosofiska.nu\/filosofiska\/wp-json\/wp\/v2\/pages\/5658\/revisions\/9338"}],"wp:attachment":[{"href":"http:\/\/www.filosofiska.nu\/filosofiska\/wp-json\/wp\/v2\/media?parent=5658"}],"curies":[{"name":"wp","href":"https:\/\/api.w.org\/{rel}","templated":true}]}}