{"id":5208,"date":"2014-06-16T14:59:32","date_gmt":"2014-06-16T12:59:32","guid":{"rendered":"http:\/\/filosofiska.websign.se\/?page_id=5208"},"modified":"2024-01-04T18:27:05","modified_gmt":"2024-01-04T17:27:05","slug":"enskededalen","status":"publish","type":"page","link":"https:\/\/www.filosofiska.nu\/filosofiska\/enskededalen\/","title":{"rendered":"F\u00f6rskola Enskededalen"},"content":{"rendered":"<h1 style=\"text-align: left;\"><span style=\"color: #000000;\">Kort om oss<\/span><\/h1>\n<p style=\"text-align: left;\"><span style=\"color: #000000;\">Vi \u00e4r en aktiv del i v\u00e5rt lokala n\u00e4romr\u00e5de! Vi ligger granne med ett \u00e4ldreboende, biblioteket, simhallen samt ett stort antal lokala handlare, som vi har daglig kontakt med. P\u00e5 f\u00f6rskolan g\u00e5r 40 barn.\u00a0<\/span><\/p>\n<h1 class=\"ordinariesida\" style=\"color: #464646; text-align: left;\">Pedagoger &#8211; Enskededalen<\/h1>\n<p class=\"left\" style=\"color: #464646; text-align: left;\">V\u00e5ra pedagoger p\u00e5 Filosofiska \u00e4r engagerade och reflekterande. Vi str\u00e4var efter att skapa en milj\u00f6 pr\u00e4glad av stimulans, harmoni och avsaknad av kr\u00e4nkningar. Med ett vaksamt \u00f6ga, inkluderande sin egen roll, granskas milj\u00f6n med h\u00e4nsyn tagen till de v\u00e4rden vi f\u00f6rsvarar i verksamheten. Till exempel str\u00e4var vi efter att skapa ett j\u00e4mlikt klimat och att ge alla barn m\u00f6jlighet att nyfiket utforska sin omgivning.<\/p>\n<p class=\"left\" style=\"color: #464646; text-align: left;\">P\u00e5 f\u00f6rskolan Filosofiska i Enskededalen arbetar ett arbetslag med bl.a. rektor, f\u00f6rskoll\u00e4rare och utbildade barnsk\u00f6tare.<\/p>\n<h1 class=\"ordinariesida\" style=\"color: #464646; text-align: left;\">Ans\u00f6kan &#8211; Enskededalen<\/h1>\n<p>Vi \u00e4r anslutna till Stockholms stads kommunala\u00a0<a title=\"F\u00f6rskolek\u00f6\" href=\"http:\/\/www.stockholm.se\/-\/Serviceenhetsdetaljer\/?enhet=1db6c617b078496bbd3614059bb22ddf\" target=\"_blank\" rel=\"noopener\">f\u00f6rskolek\u00f6<\/a>. F\u00f6r att s\u00f6ka till oss anv\u00e4nder ni e-tj\u00e4nsten f\u00f6r f\u00f6rskoleans\u00f6kan p\u00e5 Stockholm stads hemsida. Handl\u00e4ggare p\u00e5 kommunen som kan svara p\u00e5 fr\u00e5gor om placeringar \u00e4r f\u00f6r Enskede:\u00a0<a href=\"mailto:anne-marie.tiilama@stockholm.se\" target=\"_blank\" rel=\"noopener\">anna.tvedsjo@<wbr \/>stockholm.se<\/a><\/p>\n<p>Vi tar emot intresserade f\u00f6r\u00e4ldrar och barn p\u00e5 bes\u00f6k l\u00f6pande. F\u00f6r att bes\u00f6ka oss, kontakta v\u00e5r rektor p\u00e5 f\u00f6rskolan, Hannah Andersson: <a href=\"mailto:hannah.andersson@filosofiska.nu\" target=\"_blank\" rel=\"noopener\">hannah.andersson@filosofiska.nu<\/a>.<br \/>\nTel: <span dir=\"ltr\">073 520 72 09<\/span><\/p>\n<p><span dir=\"ltr\"><span dir=\"ltr\">\u00a0<\/span><\/span><\/p>\n<h2 style=\"text-align: center;\"><\/h2>\n","protected":false},"excerpt":{"rendered":"<p>Kort om oss Vi \u00e4r en aktiv del i v\u00e5rt lokala n\u00e4romr\u00e5de! Vi ligger granne med ett \u00e4ldreboende, biblioteket, simhallen samt ett stort antal lokala handlare, som vi har daglig kontakt med. P\u00e5 f\u00f6rskolan g\u00e5r 40 barn.\u00a0 Pedagoger &#8211; Enskededalen V\u00e5ra pedagoger p\u00e5 Filosofiska \u00e4r engagerade och reflekterande. Vi str\u00e4var efter att skapa en milj\u00f6 [&hellip;]<\/p>\n","protected":false},"author":1,"featured_media":0,"parent":0,"menu_order":0,"comment_status":"closed","ping_status":"closed","template":"","meta":{"footnotes":""},"class_list":["post-5208","page","type-page","status-publish","hentry"],"_links":{"self":[{"href":"https:\/\/www.filosofiska.nu\/filosofiska\/wp-json\/wp\/v2\/pages\/5208","targetHints":{"allow":["GET"]}}],"collection":[{"href":"https:\/\/www.filosofiska.nu\/filosofiska\/wp-json\/wp\/v2\/pages"}],"about":[{"href":"https:\/\/www.filosofiska.nu\/filosofiska\/wp-json\/wp\/v2\/types\/page"}],"author":[{"embeddable":true,"href":"https:\/\/www.filosofiska.nu\/filosofiska\/wp-json\/wp\/v2\/users\/1"}],"replies":[{"embeddable":true,"href":"https:\/\/www.filosofiska.nu\/filosofiska\/wp-json\/wp\/v2\/comments?post=5208"}],"version-history":[{"count":27,"href":"https:\/\/www.filosofiska.nu\/filosofiska\/wp-json\/wp\/v2\/pages\/5208\/revisions"}],"predecessor-version":[{"id":9182,"href":"https:\/\/www.filosofiska.nu\/filosofiska\/wp-json\/wp\/v2\/pages\/5208\/revisions\/9182"}],"wp:attachment":[{"href":"https:\/\/www.filosofiska.nu\/filosofiska\/wp-json\/wp\/v2\/media?parent=5208"}],"curies":[{"name":"wp","href":"https:\/\/api.w.org\/{rel}","templated":true}]}}